{"id":1173,"date":"2019-02-18T14:30:17","date_gmt":"2019-02-18T13:30:17","guid":{"rendered":"https:\/\/www.philodefi.fr\/?page_id=1173"},"modified":"2019-02-18T21:25:38","modified_gmt":"2019-02-18T20:25:38","slug":"mentions-legales","status":"publish","type":"page","link":"https:\/\/www.philodefi.fr\/index.php\/mentions-legales\/","title":{"rendered":"Mentions l\u00e9gales"},"content":{"rendered":"<h2>Mentions l\u00e9gales<\/h2>\n<h3>Auteur<\/h3>\n<p>Auteur et r\u00e9dacteur des contenus: St\u00e9phane Marcireau.<\/p>\n<h3>Editeur<\/h3>\n<p>Sajam Editions, sarl au capital de 16080 euros<br \/>\nImmatricul\u00e9e au RCS de Poitiers, sous le num\u00e9ro 482790789<br \/>\nmail: \u00e9crivez \u00e0 Stephane (chez) l-adresse-de-ce-site (description pour \u00e9viter l&rsquo;indexation par des robots &#8211; vous pouvez \u00e9galement utiliser le formulaire de contact sur la page d&rsquo;accueil)<br \/>\nT\u00e9l\u00e9phone: 05 49 000 600 (bureaux Sajam)<br \/>\nTVA intracommunautaire : FR01482790789<br \/>\nCorrespondances : BP 90041 86170 Neuville de Poitou<br \/>\nSi\u00e8ge social: 34 rue des Charbonniers 86190 Quin\u00e7ay, France<br \/>\nResponsable de la publication du site: Armand Marcireau<\/p>\n<h3>H\u00e9bergeur<\/h3>\n<p>OVH<br \/>\nSAS au capital de 10 069 020 \u20ac<br \/>\nRCS Lille M\u00e9tropole 424 761 419 00045<br \/>\nN\u00b0 TVA : FR 22 424 761 419<br \/>\nSi\u00e8ge social : 2 rue Kellermann &#8211; 59100 Roubaix &#8211; France<\/p>\n<h3>Propri\u00e9t\u00e9 intellectuelle<\/h3>\n<p>Le site et chacun des \u00e9l\u00e9ments, y compris mais sans limitation les marques, les logos, ic\u00f4nes, infographies, photographies, qui le composent sont prot\u00e9g\u00e9s au titre de la l\u00e9gislation internationale de la propri\u00e9t\u00e9 intellectuelle. Les contenus figurant sur le site sont la propri\u00e9t\u00e9 de l&rsquo;Auteur, de l&rsquo;Editeur ou d\u2019autres entit\u00e9s. Toute utilisation, reproduction ou repr\u00e9sentation, par quelque proc\u00e9d\u00e9 que ce soit, et sur quelque support que ce soit, de tout ou partie du site et\/ou des \u00e9l\u00e9ments qui le composent n&rsquo;est pas autoris\u00e9e sans le consentement expresse de l&rsquo;Editeur.<\/p>\n<p>Philod\u00e9fi est une marque enregistr\u00e9e et d\u00e9pos\u00e9e \u00e0 l&rsquo;INPI.<\/p>\n<h3>Conditions G\u00e9n\u00e9rales de Vente<\/h3>\n<p>Les conditions g\u00e9n\u00e9rales de ventes peuvent \u00eatre consult\u00e9es via la page \u00ab\u00a0CGV\u00a0\u00bb, accessible depuis les menus de navigation sur l&rsquo;ensemble des pages du site Philodefi.fr.<\/p>\n","protected":false},"excerpt":{"rendered":"<p>Mentions l\u00e9gales Auteur Auteur et r\u00e9dacteur des contenus: St\u00e9phane Marcireau. Editeur Sajam Editions, sarl au capital de 16080 euros Immatricul\u00e9e au RCS de Poitiers, sous le num\u00e9ro 482790789 mail: \u00e9crivez \u00e0 Stephane (chez) l-adresse-de-ce-site (description pour \u00e9viter l&rsquo;indexation par des robots &#8211; vous pouvez \u00e9galement utiliser le formulaire de contact [&hellip;]<\/p>\n","protected":false},"author":1,"featured_media":40,"parent":0,"menu_order":0,"comment_status":"closed","ping_status":"closed","template":"","meta":{"jetpack_post_was_ever_published":false,"footnotes":""},"class_list":["post-1173","page","type-page","status-publish","has-post-thumbnail","hentry"],"yoast_head":"<!-- This site is optimized with the Yoast SEO plugin v24.0 - https:\/\/yoast.com\/wordpress\/plugins\/seo\/ -->\n<title>Mentions l\u00e9gales - Philod\u00e9fi<\/title>\n<meta name=\"robots\" content=\"index, follow, max-snippet:-1, max-image-preview:large, max-video-preview:-1\" \/>\n<link rel=\"canonical\" href=\"https:\/\/www.philodefi.fr\/index.php\/mentions-legales\/\" \/>\n<meta property=\"og:locale\" content=\"fr_FR\" \/>\n<meta property=\"og:type\" content=\"article\" \/>\n<meta property=\"og:title\" content=\"Mentions l\u00e9gales - Philod\u00e9fi\" \/>\n<meta property=\"og:description\" content=\"Mentions l\u00e9gales Auteur Auteur et r\u00e9dacteur des contenus: St\u00e9phane Marcireau. Editeur Sajam Editions, sarl au capital de 16080 euros Immatricul\u00e9e au RCS de Poitiers, sous le num\u00e9ro 482790789 mail: \u00e9crivez \u00e0 Stephane (chez) l-adresse-de-ce-site (description pour \u00e9viter l&rsquo;indexation par des robots &#8211; vous pouvez \u00e9galement utiliser le formulaire de contact [&hellip;]\" \/>\n<meta property=\"og:url\" content=\"https:\/\/www.philodefi.fr\/index.php\/mentions-legales\/\" \/>\n<meta property=\"og:site_name\" content=\"Philod\u00e9fi\" \/>\n<meta property=\"article:publisher\" content=\"https:\/\/fr-fr.facebook.com\/Philodefi\/\" \/>\n<meta property=\"article:modified_time\" content=\"2019-02-18T20:25:38+00:00\" \/>\n<meta property=\"og:image\" content=\"https:\/\/www.philodefi.fr\/wp-content\/uploads\/2018\/10\/writing_comp.jpg\" \/>\n\t<meta property=\"og:image:width\" content=\"1024\" \/>\n\t<meta property=\"og:image:height\" content=\"684\" \/>\n\t<meta property=\"og:image:type\" content=\"image\/jpeg\" \/>\n<meta name=\"twitter:card\" content=\"summary_large_image\" \/>\n<meta name=\"twitter:label1\" content=\"Dur\u00e9e de lecture estim\u00e9e\" \/>\n\t<meta name=\"twitter:data1\" content=\"1 minute\" \/>\n<script type=\"application\/ld+json\" class=\"yoast-schema-graph\">{\"@context\":\"https:\/\/schema.org\",\"@graph\":[{\"@type\":\"WebPage\",\"@id\":\"https:\/\/www.philodefi.fr\/index.php\/mentions-legales\/\",\"url\":\"https:\/\/www.philodefi.fr\/index.php\/mentions-legales\/\",\"name\":\"Mentions l\u00e9gales - Philod\u00e9fi\",\"isPartOf\":{\"@id\":\"https:\/\/www.philodefi.fr\/#website\"},\"primaryImageOfPage\":{\"@id\":\"https:\/\/www.philodefi.fr\/index.php\/mentions-legales\/#primaryimage\"},\"image\":{\"@id\":\"https:\/\/www.philodefi.fr\/index.php\/mentions-legales\/#primaryimage\"},\"thumbnailUrl\":\"https:\/\/www.philodefi.fr\/wp-content\/uploads\/2018\/10\/writing_comp.jpg\",\"datePublished\":\"2019-02-18T13:30:17+00:00\",\"dateModified\":\"2019-02-18T20:25:38+00:00\",\"breadcrumb\":{\"@id\":\"https:\/\/www.philodefi.fr\/index.php\/mentions-legales\/#breadcrumb\"},\"inLanguage\":\"fr-FR\",\"potentialAction\":[{\"@type\":\"ReadAction\",\"target\":[\"https:\/\/www.philodefi.fr\/index.php\/mentions-legales\/\"]}]},{\"@type\":\"ImageObject\",\"inLanguage\":\"fr-FR\",\"@id\":\"https:\/\/www.philodefi.fr\/index.php\/mentions-legales\/#primaryimage\",\"url\":\"https:\/\/www.philodefi.fr\/wp-content\/uploads\/2018\/10\/writing_comp.jpg\",\"contentUrl\":\"https:\/\/www.philodefi.fr\/wp-content\/uploads\/2018\/10\/writing_comp.jpg\",\"width\":1024,\"height\":684},{\"@type\":\"BreadcrumbList\",\"@id\":\"https:\/\/www.philodefi.fr\/index.php\/mentions-legales\/#breadcrumb\",\"itemListElement\":[{\"@type\":\"ListItem\",\"position\":1,\"name\":\"Accueil\",\"item\":\"https:\/\/www.philodefi.fr\/\"},{\"@type\":\"ListItem\",\"position\":2,\"name\":\"Mentions l\u00e9gales\"}]},{\"@type\":\"WebSite\",\"@id\":\"https:\/\/www.philodefi.fr\/#website\",\"url\":\"https:\/\/www.philodefi.fr\/\",\"name\":\"Philod\u00e9fi\",\"description\":\"Le jeu pour apprendre la philosophie autrement\",\"publisher\":{\"@id\":\"https:\/\/www.philodefi.fr\/#organization\"},\"potentialAction\":[{\"@type\":\"SearchAction\",\"target\":{\"@type\":\"EntryPoint\",\"urlTemplate\":\"https:\/\/www.philodefi.fr\/?s={search_term_string}\"},\"query-input\":{\"@type\":\"PropertyValueSpecification\",\"valueRequired\":true,\"valueName\":\"search_term_string\"}}],\"inLanguage\":\"fr-FR\"},{\"@type\":\"Organization\",\"@id\":\"https:\/\/www.philodefi.fr\/#organization\",\"name\":\"Philod\u00e9fi\",\"url\":\"https:\/\/www.philodefi.fr\/\",\"logo\":{\"@type\":\"ImageObject\",\"inLanguage\":\"fr-FR\",\"@id\":\"https:\/\/www.philodefi.fr\/#\/schema\/logo\/image\/\",\"url\":\"https:\/\/www.philodefi.fr\/wp-content\/uploads\/2018\/10\/logo_philodefi-1.png\",\"contentUrl\":\"https:\/\/www.philodefi.fr\/wp-content\/uploads\/2018\/10\/logo_philodefi-1.png\",\"width\":678,\"height\":222,\"caption\":\"Philod\u00e9fi\"},\"image\":{\"@id\":\"https:\/\/www.philodefi.fr\/#\/schema\/logo\/image\/\"},\"sameAs\":[\"https:\/\/fr-fr.facebook.com\/Philodefi\/\",\"https:\/\/www.youtube.com\/channel\/UC_3N0HKscicsk2AIa0fP-tg\"]}]}<\/script>\n<!-- \/ Yoast SEO plugin. -->","yoast_head_json":{"title":"Mentions l\u00e9gales - Philod\u00e9fi","robots":{"index":"index","follow":"follow","max-snippet":"max-snippet:-1","max-image-preview":"max-image-preview:large","max-video-preview":"max-video-preview:-1"},"canonical":"https:\/\/www.philodefi.fr\/index.php\/mentions-legales\/","og_locale":"fr_FR","og_type":"article","og_title":"Mentions l\u00e9gales - Philod\u00e9fi","og_description":"Mentions l\u00e9gales Auteur Auteur et r\u00e9dacteur des contenus: St\u00e9phane Marcireau. Editeur Sajam Editions, sarl au capital de 16080 euros Immatricul\u00e9e au RCS de Poitiers, sous le num\u00e9ro 482790789 mail: \u00e9crivez \u00e0 Stephane (chez) l-adresse-de-ce-site (description pour \u00e9viter l&rsquo;indexation par des robots &#8211; vous pouvez \u00e9galement utiliser le formulaire de contact [&hellip;]","og_url":"https:\/\/www.philodefi.fr\/index.php\/mentions-legales\/","og_site_name":"Philod\u00e9fi","article_publisher":"https:\/\/fr-fr.facebook.com\/Philodefi\/","article_modified_time":"2019-02-18T20:25:38+00:00","og_image":[{"width":1024,"height":684,"url":"https:\/\/www.philodefi.fr\/wp-content\/uploads\/2018\/10\/writing_comp.jpg","type":"image\/jpeg"}],"twitter_card":"summary_large_image","twitter_misc":{"Dur\u00e9e de lecture estim\u00e9e":"1 minute"},"schema":{"@context":"https:\/\/schema.org","@graph":[{"@type":"WebPage","@id":"https:\/\/www.philodefi.fr\/index.php\/mentions-legales\/","url":"https:\/\/www.philodefi.fr\/index.php\/mentions-legales\/","name":"Mentions l\u00e9gales - Philod\u00e9fi","isPartOf":{"@id":"https:\/\/www.philodefi.fr\/#website"},"primaryImageOfPage":{"@id":"https:\/\/www.philodefi.fr\/index.php\/mentions-legales\/#primaryimage"},"image":{"@id":"https:\/\/www.philodefi.fr\/index.php\/mentions-legales\/#primaryimage"},"thumbnailUrl":"https:\/\/www.philodefi.fr\/wp-content\/uploads\/2018\/10\/writing_comp.jpg","datePublished":"2019-02-18T13:30:17+00:00","dateModified":"2019-02-18T20:25:38+00:00","breadcrumb":{"@id":"https:\/\/www.philodefi.fr\/index.php\/mentions-legales\/#breadcrumb"},"inLanguage":"fr-FR","potentialAction":[{"@type":"ReadAction","target":["https:\/\/www.philodefi.fr\/index.php\/mentions-legales\/"]}]},{"@type":"ImageObject","inLanguage":"fr-FR","@id":"https:\/\/www.philodefi.fr\/index.php\/mentions-legales\/#primaryimage","url":"https:\/\/www.philodefi.fr\/wp-content\/uploads\/2018\/10\/writing_comp.jpg","contentUrl":"https:\/\/www.philodefi.fr\/wp-content\/uploads\/2018\/10\/writing_comp.jpg","width":1024,"height":684},{"@type":"BreadcrumbList","@id":"https:\/\/www.philodefi.fr\/index.php\/mentions-legales\/#breadcrumb","itemListElement":[{"@type":"ListItem","position":1,"name":"Accueil","item":"https:\/\/www.philodefi.fr\/"},{"@type":"ListItem","position":2,"name":"Mentions l\u00e9gales"}]},{"@type":"WebSite","@id":"https:\/\/www.philodefi.fr\/#website","url":"https:\/\/www.philodefi.fr\/","name":"Philod\u00e9fi","description":"Le jeu pour apprendre la philosophie autrement","publisher":{"@id":"https:\/\/www.philodefi.fr\/#organization"},"potentialAction":[{"@type":"SearchAction","target":{"@type":"EntryPoint","urlTemplate":"https:\/\/www.philodefi.fr\/?s={search_term_string}"},"query-input":{"@type":"PropertyValueSpecification","valueRequired":true,"valueName":"search_term_string"}}],"inLanguage":"fr-FR"},{"@type":"Organization","@id":"https:\/\/www.philodefi.fr\/#organization","name":"Philod\u00e9fi","url":"https:\/\/www.philodefi.fr\/","logo":{"@type":"ImageObject","inLanguage":"fr-FR","@id":"https:\/\/www.philodefi.fr\/#\/schema\/logo\/image\/","url":"https:\/\/www.philodefi.fr\/wp-content\/uploads\/2018\/10\/logo_philodefi-1.png","contentUrl":"https:\/\/www.philodefi.fr\/wp-content\/uploads\/2018\/10\/logo_philodefi-1.png","width":678,"height":222,"caption":"Philod\u00e9fi"},"image":{"@id":"https:\/\/www.philodefi.fr\/#\/schema\/logo\/image\/"},"sameAs":["https:\/\/fr-fr.facebook.com\/Philodefi\/","https:\/\/www.youtube.com\/channel\/UC_3N0HKscicsk2AIa0fP-tg"]}]}},"jetpack_sharing_enabled":true,"jetpack_shortlink":"https:\/\/wp.me\/PavdZ1-iV","_links":{"self":[{"href":"https:\/\/www.philodefi.fr\/index.php\/wp-json\/wp\/v2\/pages\/1173","targetHints":{"allow":["GET"]}}],"collection":[{"href":"https:\/\/www.philodefi.fr\/index.php\/wp-json\/wp\/v2\/pages"}],"about":[{"href":"https:\/\/www.philodefi.fr\/index.php\/wp-json\/wp\/v2\/types\/page"}],"author":[{"embeddable":true,"href":"https:\/\/www.philodefi.fr\/index.php\/wp-json\/wp\/v2\/users\/1"}],"replies":[{"embeddable":true,"href":"https:\/\/www.philodefi.fr\/index.php\/wp-json\/wp\/v2\/comments?post=1173"}],"version-history":[{"count":0,"href":"https:\/\/www.philodefi.fr\/index.php\/wp-json\/wp\/v2\/pages\/1173\/revisions"}],"wp:featuredmedia":[{"embeddable":true,"href":"https:\/\/www.philodefi.fr\/index.php\/wp-json\/wp\/v2\/media\/40"}],"wp:attachment":[{"href":"https:\/\/www.philodefi.fr\/index.php\/wp-json\/wp\/v2\/media?parent=1173"}],"curies":[{"name":"wp","href":"https:\/\/api.w.org\/{rel}","templated":true}]}}