{"version":"1.0","provider_name":"Philod\u00e9fi","provider_url":"https:\/\/www.philodefi.fr","author_name":"St\u00e9phane Marcireau","author_url":"https:\/\/www.philodefi.fr\/index.php\/author\/stephane\/","title":"S\u00e9ance de r\u00e9vision collective en video conf\u00e9rence (13 juin 2022) ! - Philod\u00e9fi","type":"rich","width":600,"height":338,"html":"<blockquote class=\"wp-embedded-content\" data-secret=\"ca56XmvVjc\"><a href=\"https:\/\/www.philodefi.fr\/index.php\/2022\/06\/08\/seance-de-revision-bac-philo-2022\/\">S\u00e9ance de r\u00e9vision collective en video conf\u00e9rence (13 juin 2022) !<\/a><\/blockquote><iframe sandbox=\"allow-scripts\" security=\"restricted\" src=\"https:\/\/www.philodefi.fr\/index.php\/2022\/06\/08\/seance-de-revision-bac-philo-2022\/embed\/#?secret=ca56XmvVjc\" width=\"600\" height=\"338\" title=\"\u00ab\u00a0S\u00e9ance de r\u00e9vision collective en video conf\u00e9rence (13 juin 2022) !\u00a0\u00bb &#8212; Philod\u00e9fi\" data-secret=\"ca56XmvVjc\" frameborder=\"0\" marginwidth=\"0\" marginheight=\"0\" scrolling=\"no\" class=\"wp-embedded-content\"><\/iframe><script type=\"text\/javascript\">\n\/* <![CDATA[ *\/\n\/*! This file is auto-generated *\/\n!function(d,l){\"use strict\";l.querySelector&&d.addEventListener&&\"undefined\"!=typeof URL&&(d.wp=d.wp||{},d.wp.receiveEmbedMessage||(d.wp.receiveEmbedMessage=function(e){var t=e.data;if((t||t.secret||t.message||t.value)&&!\/[^a-zA-Z0-9]\/.test(t.secret)){for(var s,r,n,a=l.querySelectorAll('iframe[data-secret=\"'+t.secret+'\"]'),o=l.querySelectorAll('blockquote[data-secret=\"'+t.secret+'\"]'),c=new RegExp(\"^https?:$\",\"i\"),i=0;i<o.length;i++)o[i].style.display=\"none\";for(i=0;i<a.length;i++)s=a[i],e.source===s.contentWindow&&(s.removeAttribute(\"style\"),\"height\"===t.message?(1e3<(r=parseInt(t.value,10))?r=1e3:~~r<200&&(r=200),s.height=r):\"link\"===t.message&&(r=new URL(s.getAttribute(\"src\")),n=new URL(t.value),c.test(n.protocol))&&n.host===r.host&&l.activeElement===s&&(d.top.location.href=t.value))}},d.addEventListener(\"message\",d.wp.receiveEmbedMessage,!1),l.addEventListener(\"DOMContentLoaded\",function(){for(var e,t,s=l.querySelectorAll(\"iframe.wp-embedded-content\"),r=0;r<s.length;r++)(t=(e=s[r]).getAttribute(\"data-secret\"))||(t=Math.random().toString(36).substring(2,12),e.src+=\"#?secret=\"+t,e.setAttribute(\"data-secret\",t)),e.contentWindow.postMessage({message:\"ready\",secret:t},\"*\")},!1)))}(window,document);\n\/* ]]> *\/\n<\/script>\n","thumbnail_url":"https:\/\/www.philodefi.fr\/wp-content\/uploads\/2020\/01\/20200115_cobalt.jpg","thumbnail_width":800,"thumbnail_height":450,"description":"Le 15 juin, c\u2019est l\u2019\u00e9preuve de philosophie du baccalaur\u00e9at 2022\u00a0! SOS \u00c9ducation organise une s\u00e9ance de r\u00e9vision collective anim\u00e9e par St\u00e9phane Marcireau, le lundi 13 juin \u00e0 20h30 (en ligne sur Zoom), pour aider les \u00e9l\u00e8ves de Terminale \u00e0 se pr\u00e9parer au mieux \u00e0 cette \u00e9preuve. Le nombre de places [&hellip;]"}